{"version":"1.0","provider_name":"Men\u0151 N\u0150K","provider_url":"https:\/\/menok.cafeblog.hu","author_name":"menoonok@gmail.com","author_url":"https:\/\/menok.cafeblog.hu\/author\/olah_krisztina\/","title":"Zene","html":"<div style=\"background-color: white;color: #222222;font-family: arial, sans-serif;font-size: 12.8px\"><div><div style=\"clear: both;text-align: center\"><br \/><\/div>Nem gondoltam volna, hogy zenesz\u00e1mok r\u00e1m ilyen hat\u00e1ssal tudnak lenni.<\/div><div>Felt\u00f6lt, ellaz\u00edt, eml\u00e9keket ad vissza. El\u00e9g lehunyni a szemem, hallgatni a dallamokat, \u00e9s m\u00e1r \u00e9rzem az illat\u00e1t, az \u00e9rint\u00e9s\u00e9t. \u00c9s megsz\u0171nik az es\u0151, a s\u00f6t\u00e9t este, csak a k\u00e9pzeletbeli naplemente van, ahol m\u00e9g nem j\u00e1rtam, de ahova elrep\u00fcln\u00e9k. Most a zene sz\u00e1rny\u00e1n, azt\u00e1n megn\u00e9zn\u00e9m \u00e9l\u0151ben is.<\/div><div>J\u00f3zanul vagy \u00f6nfeledten, \u00e1t akarom \u00e9lni az \u00e9lm\u00e9nyt. Tudni akarom, milyen egy m\u00e1s t\u00edpus\u00fa naplemente, mit tudok Vele kihozni egy narancsba buk\u00f3 napkoronggal. \u00c9s mit v\u00e1ltana ki bel\u0151lem. Milyen m\u00e1s \u00e9rz\u00e9st. Mert m\u00e1r volt csod\u00e1s naplemente, az eml\u00e9ke sz\u00e9p, ragyog\u00f3. Csak f\u00e1j, hogy elm\u00falt.<\/div><div>Most hallgatom a zen\u00e9t, ami f\u00e9lig ismeretlen, m\u00e9gis meg\u00e9rint. Bizsereg minden idegsz\u00e1lam. \u00c9s kavarg\u00f3 gondolatok vesznek k\u00f6rbe, a nem l\u00e9tez\u0151 m\u00faltam \u00e9s a nem l\u00e9tez\u0151 j\u00f6v\u0151m k\u00f6z\u00f6tt lebegek a zen\u00e9vel. Egyed\u00fcl.<\/div><div>Mik\u00f6zben szerelemre v\u00e1gyok, els\u00f6pr\u0151, fergeteges \u00f6lel\u00e9sre. \u00c9s mellette a lelkemet feloldoz\u00f3, v\u00e9delmez\u0151 \u00f6lel\u00e9sre is. Megkaphat\u00f3 lesz ez valaha egyszerre? Vagy az \u00e9n filmem nem err\u0151l sz\u00f3l?<\/div><div>Hol egyik, hol m\u00e1sik? Melyik emel magasabbra? Melyik \u00f6lel\u00e9sre eml\u00e9kszem tov\u00e1bb? Eml\u00e9kezni vagy \u00e1t\u00e9lni jobb? \u00c9s melyik dallamosabb? Ki \u00edrja a zen\u00e9t? \u00c9s \u00e9n hol t\u00e1ncoljak?<\/div><div>Ha lecsukom a szemem, nem tudok \u00edrni. De j\u00f3 most lecsukni, \u00e9s megpr\u00f3b\u00e1lni nem gondolni m\u00e1sra, csak eggy\u00e9 v\u00e1lni a dallammal, \u00e9s t\u00f6lt\u0151dni. Felemelkedni a f\u00f6ldt\u0151l, \u00e9s elhinni, hogy j\u00f3. Hogy minden j\u00f3, \u00e9s van j\u00f6v\u0151m.<\/div><div>Hogy a zene ritmusa a sz\u00edvemmel dobog, \u00e9s ahogy \u00e1ramlik a dallam, a v\u00e9rem is felpezsd\u00fcl. Tudok&nbsp;&nbsp; \u00f6r\u00fclni, v\u00e1rni, \u00e9s \u00e1t\u00e9lni a csod\u00e1t.<\/div><div>Le tudom \u00edrni az \u00e9rint\u00e9st, az \u00f6lel\u00e9st? Sz\u00e9gyentelen\u00fcl \u00e9s g\u00e1tl\u00e1stalanul j\u00f6nnek a gondolatok az agyamb\u00f3l el\u0151, csak \u00edrnom kell. \u00c9s eml\u00e9keznem. A pillanatnyi csod\u00e1ra, ami m\u00e1snak ny\u00edlv\u00e1n teljesen h\u00e9tk\u00f6znapi \u00e9lm\u00e9ny, csak az \u00e9n sz\u00fcrke h\u00e1zis\u00e1rk\u00e1ny l\u00e9tembe nem f\u00e9rt bele sok sz\u00ednes robban\u00e1s.<\/div><div>Sz\u00f3l a zene, \u00e9s \u00fajra \u00e1t\u00e9lem. De le\u00edrni m\u00e9g nem tudom.<br \/><br \/><div style=\"clear: both;text-align: center\"><a href=\"https:\/\/menok.cafeblog.hu\/files\/2015\/10\/cipello.jpg\" style=\"margin-left: 1em;margin-right: 1em\"><img border=\"0\" height=\"320\" src=\"https:\/\/menok.cafeblog.hu\/files\/2015\/10\/cipello-225x300.jpg\" width=\"239\" \/><\/a><\/div><br \/><\/div><\/div><div style=\"background-color: white;color: #222222;cursor: pointer;font-family: arial, sans-serif;font-size: 12.8px;padding: 10px 0px;width: 22px\"><div role=\"button\"><img class=\"ajT\" src=\"https:\/\/ssl.gstatic.com\/ui\/v1\/icons\/mail\/images\/cleardot.gif\" \/><\/div><\/div>","type":"rich","thumbnail_url":"https:\/\/menok.cafeblog.hu\/files\/2015\/10\/cipello-150x150.jpg","thumbnail_width":150,"thumbnail_height":150}